{"id":133,"date":"2020-05-20T07:53:28","date_gmt":"2020-05-20T07:53:28","guid":{"rendered":"https:\/\/auf-draht.ch\/?page_id=133"},"modified":"2024-03-15T15:49:31","modified_gmt":"2024-03-15T15:49:31","slug":"ueber-mich","status":"publish","type":"page","link":"https:\/\/auf-draht.ch\/index.php\/ueber-mich\/","title":{"rendered":"\u00dcber mich"},"content":{"rendered":"<p><img loading=\"lazy\" decoding=\"async\" class=\"aligncenter wp-image-624 size-medium\" src=\"https:\/\/auf-draht.ch\/wp-content\/uploads\/2020\/09\/IMG_0387-e1599552282817-300x280.jpg\" alt=\"\" width=\"300\" height=\"280\" srcset=\"https:\/\/auf-draht.ch\/wp-content\/uploads\/2020\/09\/IMG_0387-e1599552282817-300x280.jpg 300w, https:\/\/auf-draht.ch\/wp-content\/uploads\/2020\/09\/IMG_0387-e1599552282817-768x717.jpg 768w, https:\/\/auf-draht.ch\/wp-content\/uploads\/2020\/09\/IMG_0387-e1599552282817.jpg 988w\" sizes=\"(max-width: 300px) 100vw, 300px\" \/><\/p>\n<p>&nbsp;<\/p>\n<p style=\"text-align: center;\">Am\u00e9d\u00e9 Flum<\/p>\n<p style=\"text-align: center;\">1964 in Basel geboren<\/p>\n<p style=\"text-align: center;\">Ausbildung zum Architekturmodellbauer<\/p>\n<p style=\"text-align: center;\">Studium Schlagzeug an der Jazzschule Basel<\/p>\n<p style=\"text-align: center;\">Frei schaffender K\u00fcnstler<\/p>\n<p>&nbsp;<\/p>\n<p style=\"text-align: center;\">Regio aktuell 2016<\/p>\n<p style=\"text-align: center;\">&#8230;&#8230;.Ein vom Z\u00fcgel gelassenes B\u00fchnenmonster ist der Schlagzeuger\u00a0Am\u00e9d\u00e9 Flum<\/p>\n<p style=\"text-align: center;\">nicht, seine Einlagen sind leise, daf\u00fcr aber tiefgr\u00fcndig. \u00abDie Lust am Experimentieren<\/p>\n<p style=\"text-align: center;\">in den Proben geniesse ich mehr als durchgeplante Konzerte, meiner Fantasie freien<\/p>\n<p style=\"text-align: center;\">Lauf lassen kannich aber besser in der darstellenden Kunst, eine Art grenzenloser Freiheit\u00bb.<span class=\"Apple-converted-space\">\u00a0<\/span><\/p>\n<p style=\"text-align: center;\">Das Resultat sind luftig leichte Karikaturen, tierische Momente und<span class=\"Apple-converted-space\">\u00a0<\/span>menschliche<\/p>\n<p style=\"text-align: center;\">Dramen, immer \u00fcber dem Abgrund schwebend.<span class=\"Apple-converted-space\">\u00a0<\/span>Tats\u00e4chlich gelingt es Am\u00e9d\u00e9, das Auge<\/p>\n<p style=\"text-align: center;\">zu t\u00e4uschen, seine technisch<span class=\"Apple-converted-space\">\u00a0<\/span>perfekten Arbeiten, als gelernter Architekturmodellbauer<span class=\"Apple-converted-space\">\u00a0<\/span><\/p>\n<p style=\"text-align: center;\">beherrscht er die dreidimensionale Darstellung, ver\u00e4ndern sich je nach<span class=\"Apple-converted-space\">\u00a0<\/span>Blickwinkel<\/p>\n<p style=\"text-align: center;\">und verl\u00e4ngern so die Suche nach dem versteckten Witz.<span class=\"Apple-converted-space\">\u00a0<\/span><\/p>\n<p style=\"text-align: center;\">Er f\u00e4rbt den Draht schwarz ein, frontal betrachtet k\u00f6nnten seine Werke auch<span class=\"Apple-converted-space\">\u00a0<\/span><\/p>\n<p style=\"text-align: center;\">durchaus mit Bleistift gezeichnet sein, das konstruktive Volumen und die<span class=\"Apple-converted-space\">\u00a0<\/span>verschiedenen<\/p>\n<p style=\"text-align: center;\">Ebenen kommen erst zum Tragen, wenn man sich selbst<span class=\"Apple-converted-space\">\u00a0<\/span>bewegt, raffiniert.<span class=\"Apple-converted-space\">\u00a0<\/span><\/p>\n<p style=\"text-align: center;\">Die Protagonisten seiner oft mitf\u00fchlenden Melancholie muss er nicht weit<span class=\"Apple-converted-space\">\u00a0<\/span>suchen,<\/p>\n<p style=\"text-align: center;\">in seinem Atelier unter dem Dach eines morbiden Zollh\u00e4uschens<span class=\"Apple-converted-space\">\u00a0<\/span>hat er einen pr\u00e4chtigen<\/p>\n<p style=\"text-align: center;\">Ausblick auf die skurrilen Alltagssituationen, die<span class=\"Apple-converted-space\">\u00a0<\/span>Ideen f\u00fcr vermeintlich schlichte Portraits<\/p>\n<p style=\"text-align: center;\">seiner Mitmenschen fallen ihm<span class=\"Apple-converted-space\">\u00a0<\/span>quasi vor die F\u00fcsse. Gerne ben\u00fctzt er auch tierische<\/p>\n<p style=\"text-align: center;\">Figuren, hier spielt er<span class=\"Apple-converted-space\">\u00a0<\/span>geschickt mit den damit verbundenen Vorstellungen, H\u00f6henangst<\/p>\n<p style=\"text-align: center;\">bei einem<span class=\"Apple-converted-space\">\u00a0<\/span>Vogel ist wirklich ein Problem das bisher nicht erforscht wurde.<span class=\"Apple-converted-space\">\u00a0<\/span><\/p>\n<p style=\"text-align: center;\">Zur Entspannung g\u00f6nnt sich der K\u00fcnstler auch mal einen Turnschuh<span class=\"Apple-converted-space\">\u00a0<\/span><\/p>\n<p style=\"text-align: center;\">oder eine alte Schreibmaschine aus Draht, die ungewohnte Perspektive auf<span class=\"Apple-converted-space\">\u00a0<\/span>gew\u00f6hnliche<\/p>\n<p style=\"text-align: center;\">Gegenst\u00e4nde ist vermutlich der Tribut eines versierten<span class=\"Apple-converted-space\">\u00a0<\/span>Schlagzeugers an die Pr\u00e4zision&#8230;.&#8220;<\/p>\n<p>&nbsp;<\/p>\n<p>&nbsp;<\/p>\n","protected":false},"excerpt":{"rendered":"<p>&nbsp; Am\u00e9d\u00e9 Flum 1964 in Basel geboren Ausbildung zum Architekturmodellbauer Studium Schlagzeug an der Jazzschule Basel Frei schaffender K\u00fcnstler &nbsp; Regio aktuell 2016 &#8230;&#8230;.Ein vom Z\u00fcgel gelassenes B\u00fchnenmonster ist der Schlagzeuger\u00a0Am\u00e9d\u00e9 Flum nicht, seine Einlagen sind leise, daf\u00fcr aber tiefgr\u00fcndig. \u00abDie Lust am Experimentieren in den Proben geniesse ich mehr als durchgeplante Konzerte, meiner Fantasie [&hellip;]<\/p>\n","protected":false},"author":1,"featured_media":0,"parent":0,"menu_order":0,"comment_status":"closed","ping_status":"closed","template":"full-width.php","meta":{"om_disable_all_campaigns":false,"_monsterinsights_skip_tracking":false,"_monsterinsights_sitenote_active":false,"_monsterinsights_sitenote_note":"","_monsterinsights_sitenote_category":0,"footnotes":""},"yoast_head":"<!-- This site is optimized with the Yoast SEO plugin v23.0 - https:\/\/yoast.com\/wordpress\/plugins\/seo\/ -->\n<title>\u00dcber mich - Drahtobjekte von Amede Flum<\/title>\n<meta name=\"robots\" content=\"index, follow, max-snippet:-1, max-image-preview:large, max-video-preview:-1\" \/>\n<link rel=\"canonical\" href=\"https:\/\/auf-draht.ch\/index.php\/ueber-mich\/\" \/>\n<meta property=\"og:locale\" content=\"de_DE\" \/>\n<meta property=\"og:type\" content=\"article\" \/>\n<meta property=\"og:title\" content=\"\u00dcber mich - Drahtobjekte von Amede Flum\" \/>\n<meta property=\"og:description\" content=\"&nbsp; Am\u00e9d\u00e9 Flum 1964 in Basel geboren Ausbildung zum Architekturmodellbauer Studium Schlagzeug an der Jazzschule Basel Frei schaffender K\u00fcnstler &nbsp; Regio aktuell 2016 &#8230;&#8230;.Ein vom Z\u00fcgel gelassenes B\u00fchnenmonster ist der Schlagzeuger\u00a0Am\u00e9d\u00e9 Flum nicht, seine Einlagen sind leise, daf\u00fcr aber tiefgr\u00fcndig. \u00abDie Lust am Experimentieren in den Proben geniesse ich mehr als durchgeplante Konzerte, meiner Fantasie [&hellip;]\" \/>\n<meta property=\"og:url\" content=\"https:\/\/auf-draht.ch\/index.php\/ueber-mich\/\" \/>\n<meta property=\"og:site_name\" content=\"Drahtobjekte von Amede Flum\" \/>\n<meta property=\"article:modified_time\" content=\"2024-03-15T15:49:31+00:00\" \/>\n<meta property=\"og:image\" content=\"https:\/\/auf-draht.ch\/wp-content\/uploads\/2020\/09\/IMG_0387-e1599552282817-300x280.jpg\" \/>\n<meta name=\"twitter:card\" content=\"summary_large_image\" \/>\n<meta name=\"twitter:label1\" content=\"Gesch\u00e4tzte Lesezeit\" \/>\n\t<meta name=\"twitter:data1\" content=\"2\u00a0Minuten\" \/>\n<script type=\"application\/ld+json\" class=\"yoast-schema-graph\">{\"@context\":\"https:\/\/schema.org\",\"@graph\":[{\"@type\":\"WebPage\",\"@id\":\"https:\/\/auf-draht.ch\/index.php\/ueber-mich\/\",\"url\":\"https:\/\/auf-draht.ch\/index.php\/ueber-mich\/\",\"name\":\"\u00dcber mich - Drahtobjekte von Amede Flum\",\"isPartOf\":{\"@id\":\"https:\/\/auf-draht.ch\/#website\"},\"primaryImageOfPage\":{\"@id\":\"https:\/\/auf-draht.ch\/index.php\/ueber-mich\/#primaryimage\"},\"image\":{\"@id\":\"https:\/\/auf-draht.ch\/index.php\/ueber-mich\/#primaryimage\"},\"thumbnailUrl\":\"https:\/\/auf-draht.ch\/wp-content\/uploads\/2020\/09\/IMG_0387-e1599552282817-300x280.jpg\",\"datePublished\":\"2020-05-20T07:53:28+00:00\",\"dateModified\":\"2024-03-15T15:49:31+00:00\",\"breadcrumb\":{\"@id\":\"https:\/\/auf-draht.ch\/index.php\/ueber-mich\/#breadcrumb\"},\"inLanguage\":\"de\",\"potentialAction\":[{\"@type\":\"ReadAction\",\"target\":[\"https:\/\/auf-draht.ch\/index.php\/ueber-mich\/\"]}]},{\"@type\":\"ImageObject\",\"inLanguage\":\"de\",\"@id\":\"https:\/\/auf-draht.ch\/index.php\/ueber-mich\/#primaryimage\",\"url\":\"https:\/\/auf-draht.ch\/wp-content\/uploads\/2020\/09\/IMG_0387-e1599552282817.jpg\",\"contentUrl\":\"https:\/\/auf-draht.ch\/wp-content\/uploads\/2020\/09\/IMG_0387-e1599552282817.jpg\",\"width\":988,\"height\":923},{\"@type\":\"BreadcrumbList\",\"@id\":\"https:\/\/auf-draht.ch\/index.php\/ueber-mich\/#breadcrumb\",\"itemListElement\":[{\"@type\":\"ListItem\",\"position\":1,\"name\":\"Startseite\",\"item\":\"https:\/\/auf-draht.ch\/\"},{\"@type\":\"ListItem\",\"position\":2,\"name\":\"\u00dcber mich\"}]},{\"@type\":\"WebSite\",\"@id\":\"https:\/\/auf-draht.ch\/#website\",\"url\":\"https:\/\/auf-draht.ch\/\",\"name\":\"Drahtobjekte von Amede Flum\",\"description\":\"Drahtobjekte, wire, sculpture, Art\",\"publisher\":{\"@id\":\"https:\/\/auf-draht.ch\/#\/schema\/person\/52f72c4b13e7c9006e6cb97e4be7114f\"},\"potentialAction\":[{\"@type\":\"SearchAction\",\"target\":{\"@type\":\"EntryPoint\",\"urlTemplate\":\"https:\/\/auf-draht.ch\/?s={search_term_string}\"},\"query-input\":\"required name=search_term_string\"}],\"inLanguage\":\"de\"},{\"@type\":[\"Person\",\"Organization\"],\"@id\":\"https:\/\/auf-draht.ch\/#\/schema\/person\/52f72c4b13e7c9006e6cb97e4be7114f\",\"name\":\"amede_@\",\"image\":{\"@type\":\"ImageObject\",\"inLanguage\":\"de\",\"@id\":\"https:\/\/auf-draht.ch\/#\/schema\/person\/image\/\",\"url\":\"https:\/\/auf-draht.ch\/wp-content\/uploads\/2020\/05\/cropped-drahtlogow-3.gif\",\"contentUrl\":\"https:\/\/auf-draht.ch\/wp-content\/uploads\/2020\/05\/cropped-drahtlogow-3.gif\",\"width\":800,\"height\":313,\"caption\":\"amede_@\"},\"logo\":{\"@id\":\"https:\/\/auf-draht.ch\/#\/schema\/person\/image\/\"},\"sameAs\":[\"https:\/\/auf-draht.ch\"]}]}<\/script>\n<!-- \/ Yoast SEO plugin. -->","yoast_head_json":{"title":"\u00dcber mich - Drahtobjekte von Amede Flum","robots":{"index":"index","follow":"follow","max-snippet":"max-snippet:-1","max-image-preview":"max-image-preview:large","max-video-preview":"max-video-preview:-1"},"canonical":"https:\/\/auf-draht.ch\/index.php\/ueber-mich\/","og_locale":"de_DE","og_type":"article","og_title":"\u00dcber mich - Drahtobjekte von Amede Flum","og_description":"&nbsp; Am\u00e9d\u00e9 Flum 1964 in Basel geboren Ausbildung zum Architekturmodellbauer Studium Schlagzeug an der Jazzschule Basel Frei schaffender K\u00fcnstler &nbsp; Regio aktuell 2016 &#8230;&#8230;.Ein vom Z\u00fcgel gelassenes B\u00fchnenmonster ist der Schlagzeuger\u00a0Am\u00e9d\u00e9 Flum nicht, seine Einlagen sind leise, daf\u00fcr aber tiefgr\u00fcndig. \u00abDie Lust am Experimentieren in den Proben geniesse ich mehr als durchgeplante Konzerte, meiner Fantasie [&hellip;]","og_url":"https:\/\/auf-draht.ch\/index.php\/ueber-mich\/","og_site_name":"Drahtobjekte von Amede Flum","article_modified_time":"2024-03-15T15:49:31+00:00","og_image":[{"url":"https:\/\/auf-draht.ch\/wp-content\/uploads\/2020\/09\/IMG_0387-e1599552282817-300x280.jpg"}],"twitter_card":"summary_large_image","twitter_misc":{"Gesch\u00e4tzte Lesezeit":"2\u00a0Minuten"},"schema":{"@context":"https:\/\/schema.org","@graph":[{"@type":"WebPage","@id":"https:\/\/auf-draht.ch\/index.php\/ueber-mich\/","url":"https:\/\/auf-draht.ch\/index.php\/ueber-mich\/","name":"\u00dcber mich - Drahtobjekte von Amede Flum","isPartOf":{"@id":"https:\/\/auf-draht.ch\/#website"},"primaryImageOfPage":{"@id":"https:\/\/auf-draht.ch\/index.php\/ueber-mich\/#primaryimage"},"image":{"@id":"https:\/\/auf-draht.ch\/index.php\/ueber-mich\/#primaryimage"},"thumbnailUrl":"https:\/\/auf-draht.ch\/wp-content\/uploads\/2020\/09\/IMG_0387-e1599552282817-300x280.jpg","datePublished":"2020-05-20T07:53:28+00:00","dateModified":"2024-03-15T15:49:31+00:00","breadcrumb":{"@id":"https:\/\/auf-draht.ch\/index.php\/ueber-mich\/#breadcrumb"},"inLanguage":"de","potentialAction":[{"@type":"ReadAction","target":["https:\/\/auf-draht.ch\/index.php\/ueber-mich\/"]}]},{"@type":"ImageObject","inLanguage":"de","@id":"https:\/\/auf-draht.ch\/index.php\/ueber-mich\/#primaryimage","url":"https:\/\/auf-draht.ch\/wp-content\/uploads\/2020\/09\/IMG_0387-e1599552282817.jpg","contentUrl":"https:\/\/auf-draht.ch\/wp-content\/uploads\/2020\/09\/IMG_0387-e1599552282817.jpg","width":988,"height":923},{"@type":"BreadcrumbList","@id":"https:\/\/auf-draht.ch\/index.php\/ueber-mich\/#breadcrumb","itemListElement":[{"@type":"ListItem","position":1,"name":"Startseite","item":"https:\/\/auf-draht.ch\/"},{"@type":"ListItem","position":2,"name":"\u00dcber mich"}]},{"@type":"WebSite","@id":"https:\/\/auf-draht.ch\/#website","url":"https:\/\/auf-draht.ch\/","name":"Drahtobjekte von Amede Flum","description":"Drahtobjekte, wire, sculpture, Art","publisher":{"@id":"https:\/\/auf-draht.ch\/#\/schema\/person\/52f72c4b13e7c9006e6cb97e4be7114f"},"potentialAction":[{"@type":"SearchAction","target":{"@type":"EntryPoint","urlTemplate":"https:\/\/auf-draht.ch\/?s={search_term_string}"},"query-input":"required name=search_term_string"}],"inLanguage":"de"},{"@type":["Person","Organization"],"@id":"https:\/\/auf-draht.ch\/#\/schema\/person\/52f72c4b13e7c9006e6cb97e4be7114f","name":"amede_@","image":{"@type":"ImageObject","inLanguage":"de","@id":"https:\/\/auf-draht.ch\/#\/schema\/person\/image\/","url":"https:\/\/auf-draht.ch\/wp-content\/uploads\/2020\/05\/cropped-drahtlogow-3.gif","contentUrl":"https:\/\/auf-draht.ch\/wp-content\/uploads\/2020\/05\/cropped-drahtlogow-3.gif","width":800,"height":313,"caption":"amede_@"},"logo":{"@id":"https:\/\/auf-draht.ch\/#\/schema\/person\/image\/"},"sameAs":["https:\/\/auf-draht.ch"]}]}},"jetpack_sharing_enabled":true,"_links":{"self":[{"href":"https:\/\/auf-draht.ch\/index.php\/wp-json\/wp\/v2\/pages\/133"}],"collection":[{"href":"https:\/\/auf-draht.ch\/index.php\/wp-json\/wp\/v2\/pages"}],"about":[{"href":"https:\/\/auf-draht.ch\/index.php\/wp-json\/wp\/v2\/types\/page"}],"author":[{"embeddable":true,"href":"https:\/\/auf-draht.ch\/index.php\/wp-json\/wp\/v2\/users\/1"}],"replies":[{"embeddable":true,"href":"https:\/\/auf-draht.ch\/index.php\/wp-json\/wp\/v2\/comments?post=133"}],"version-history":[{"count":17,"href":"https:\/\/auf-draht.ch\/index.php\/wp-json\/wp\/v2\/pages\/133\/revisions"}],"predecessor-version":[{"id":1146,"href":"https:\/\/auf-draht.ch\/index.php\/wp-json\/wp\/v2\/pages\/133\/revisions\/1146"}],"wp:attachment":[{"href":"https:\/\/auf-draht.ch\/index.php\/wp-json\/wp\/v2\/media?parent=133"}],"curies":[{"name":"wp","href":"https:\/\/api.w.org\/{rel}","templated":true}]}}